{"id":6254,"date":"2018-01-15T00:06:50","date_gmt":"2018-01-14T22:06:50","guid":{"rendered":"http:\/\/www.dadrbuzau.ro\/?page_id=6254"},"modified":"2018-01-15T00:08:53","modified_gmt":"2018-01-14T22:08:53","slug":"toamna-buzoiana-2017","status":"publish","type":"page","link":"http:\/\/www.dadrbuzau.ro\/?page_id=6254","title":{"rendered":"Toamna Buzoiana 2017"},"content":{"rendered":"<div class=\"custom\" style=\"background:-moz-linear-gradient(center top , #fffff7, #B5EDFF) repeat scroll 0 0 transparent;\n\t\t\t\t\t       background: -webkit-gradient(linear, center top, center bottom, from(#fffff7), to(#B5EDFF));\n\t\t\t\t\t       margin-left:auto !important;\n\t\t\t\t\t       margin-right:auto !important;\n\t\t\t\t\t       border:1px solid #999999;\n\t\t\t\t\t       background-color: #B5EDFF;\n\t\t\t\t\t       width:70%;\n\t\t\t\t\t       color:#333333;\"><div class=\"inner-padding\"> <strong>Toamna Buzoian\u0103 2017<\/strong><\/p>\n<p>\u00cenc\u0103 din cele mai vechi epoci, comunit\u0103\u0163ile locale \u015fi-au organizat activit\u0103\u0163ile \u00een concordan\u0163\u0103 cu succesiunea ciclic\u0103 a anotimpurilor. Dup\u0103 lucr\u0103rile agricole din timpul prim\u0103verii \u015fi ale verii, toamna se culegeau roadele \u015fi se str\u00e2ngea recolta, eveniment consacrat prin celebr\u0103ri ale comunit\u0103\u0163ii, cu caracter laic sau religios.<\/p>\n<p>Roadele p\u0103m\u00e2ntului erau celebrate \u00eenc\u0103 din Antichitate, atunci c\u00e2nd s\u0103rb\u0103torile grecilor erau centrate \u00een jurul zei\u0163ei Demetra, cea care ocrotea agricultura \u015fi care le d\u0103ruia muritorilor recolte \u00eembel\u015fugate. Romanii aveau \u015fi ei obiceiuri legate de sporul gr\u00e2nelor \u015fi de s\u0103n\u0103tatea vitelor, acestea fiind asociate cu zei\u0163a Ceres. S\u0103rb\u0103torile dedicate purtau denumirea de Cerelia \u015fi Vinalia.<\/p>\n<p>Ini\u0163ial, cultul recoltelor, s\u0103rb\u0103toare care debuteaz\u0103 la finalul lunii septembrie \u015fi se desf\u0103\u015foar\u0103 p\u0103n\u00e2 la jum\u0103tatea lunii octombrie, p\u0103rea s\u0103 predomine \u00een civiliza\u0163iile greac\u0103 \u015fi roman\u0103, \u00eens\u0103 unele studii au demontrat c\u0103 tradi\u0163ia ar proveni din regiunile trace. Aceast\u0103 realitate pare  a fi confirmat\u0103 prin faptul c\u0103 toamna este marcat\u0103 cu prec\u0103dere de culesul viilor, una din cele mai str\u0103vechi preocup\u0103ri ale comunit\u0103\u0163ii locale din partea aceasta a Europei.<\/p>\n<p>Evenimentul a devenit tradi\u0163ie, o s\u0103rb\u0103toare a p\u0103m\u00e2ntului \u015fi a \u0163\u0103ranului, care dup\u0103 un an de munc\u0103, se poate m\u00e2ndri cu rodul muncii sale \u015fi poate petrece cu voie bun\u0103, \u015ftiindu-\u015fi viitorul asigurat, cel pu\u0163in pe perioada iernii urm\u0103toare.<\/p>\n<p>Acest\u0103 manifestare are \u00een centrul preocup\u0103rilor punerea \u00een valoare a poten\u0163ialului natural, a tradi\u0163iei, a identit\u0103\u0163ii culturale \u015fi a conexiunii individului cu natura.<\/p>\n<p>Majoritatea popoarelor celebreaz\u0103 ziua recoltei: americanii \u015fi canadienii s\u0103rb\u0103toresc anual Ziua Recuno\u015ftin\u0163ei (Thanksgiving Day), germanii au Erntedank, englezii Harvest Home, polonezii Subotka, ru\u015fii au Dozynki, japonezii serbeaz\u0103 recolta de orez prin Koshogatsu, chinezii celebrez\u0103 Festivalul de la mijlocul toamnei \u015fi Festivalul chinezesc al lunii, indienii au Lohri, Onam sau Pongal, evreii Sukkot, africanii au festivalul Yam \u015fi Homowo, etc.<\/p>\n<p>\u00cen perioada comunist\u0103, \u00een Rom\u00e2nia s-a s\u0103rb\u0103torit Ziua Recoltei \u00een prima duminic\u0103 din luna octombrie, eveniment puternic politizat \u015fi cosmetizat din cauza penuriei de produse agro-alimentare.<\/p>\n<p>Dup\u0103 1989, Ziua Recoltei a fost \u00een continuare s\u0103rb\u0103torit\u0103 \u00een unele zone ale \u0163\u0103rii, precum Aiud, Bra\u015fov, Gherla, Re\u015fi\u0163a, Craiova, Tecuci, Reghin sau Petro\u015fani. Nu s-a mai p\u0103strat o dat\u0103 fix\u0103, aceasta fiind diferit\u0103 de la zon\u0103 la zon\u0103.<\/p>\n<p>Din cauza fenomenului \u00eenc\u0103lzirii globale \u015fi a ajungerii la maturitate a recoltei de toamn\u0103 \u00een timp mai scurt, \u00een Rom\u00e2nia ultimului deceniu, s\u0103rb\u0103toarea tinde tot mai mult s\u0103 fie devansat\u0103 dinspre mijlocul \u015fi finele lunii octombrie, c\u0103tre a dou\u0103 jum\u0103tate a lunii septembrie. Stabilirea perioadei de desf\u0103\u015furare a t\u00e2rgului Toamna Buzoian\u0103 va trebui s\u0103 \u0163in\u0103 cont \u015fi ea de aspectele geo-climatice, at\u00e2t la edi\u0163ia 2017 dar \u015fi pe viitor.<\/p>\n<p>La Buz\u0103u, dup\u0103 o pauz\u0103 de mul\u0163i ani, tradi\u0163ia Evenimentului a re\u00eenviat \u00een anul 2016, atunci c\u00e2nd, \u00een perioada 15-16 octombrie, Prim\u0103ria Municipiului, Consiliului Jude\u0163ean \u015fi Direc\u0163ia Agricol\u0103 Buz\u0103u au organizat a XI-a edi\u0163ie a t\u00e2rgului, \u00een Pia\u0163a Dacia, sub denumirea: Toamna Buzoian\u0103. Produc\u0103torii locali au oferit spre v\u00e2nzare: fructe \u015fi legume de sezon, preparate tradi\u0163ionale din carne \u015fi lapte, must \u015fi vin din podgoriile buzoiene, miere \u015fi produse apicole, dulciuri de cas\u0103, produse me\u015fte\u015fug\u0103re\u015fti \u015fi de artizanat, iar Centrul Cultural Alexandru Marghiloman Buz\u0103u \u015fi Centrul Jude\u0163ean de Cultur\u0103 \u015fi Art\u0103 Buz\u0103u au organizat spectacole folclorice cu arti\u015fti locali. S-au amenajat c\u00e2teva \u0163arcuri pentru animale, iar copiii s-au putut bucura de o plimbare cu tr\u0103sura tras\u0103 de cai.<\/p>\n<p>O evolu\u0163ie recent\u0103 important\u0103 \u00een marcarea rolului esen\u0163ial al sectorului agriculturii tradi\u0163ionale a avut-o intrarea \u00een vigoare la 11 iulie 2017 a Legii 168\/2017 privind instituirea zilei de 10 octombrie \u2013 Ziua na\u0163ional\u0103 a produselor agroalimentare rom\u00e2ne\u015fti, ini\u0163iativ\u0103 legislativ\u0103 apar\u0163in\u00e2nd vicepre\u015fedintelui Comisiei pentru agricultur\u0103 din Parlamentul Rom\u00e2niei, deputatul PSD Alexandru St\u0103nescu, cu rolul de a \u201c\u00eencuraja produc\u0163ia agricol\u0103 na\u0163ional\u0103 pentru consumatorii rom\u00e2ni, precum \u015fi pentru cei ce de\u0163in spa\u0163ii de v\u00e2nzare (comercian\u0163i), produc\u0103torul prezent\u00e2nd de ziua na\u0163ional\u0103 produse proaspete de calitate, direct de la surs\u0103, autohtone, care vor concura cu produsele din import\u201d<\/p>\n<p>Sursa: <a href=\"http:\/\/www.toamnabuzoiana.ro\" rel=\"noopener\" target=\"_blank\">www.toamnabuzoiana.ro<\/a><br \/>\n<\/div><\/div>\n<!-- AcHAdIudDCru -->\r\n<!-- Cincopa WordPress plugin wp1.154: \/\/www.cincopa.com\/media-platform\/wordpress-plugin.aspx -->\r\n<div id=\"cp_widget_AcHAdIudDCru\"><img src=\"\/\/www.cincopa.com\/media-platform\/runtime\/loading.gif\" style=\"border:0;\" alt=\"Cincopa WordPress plugin\" \/><\/div>\r\n<script type=\"text\/javascript\">\r\n\/* PLEASE CHANGE DEFAULT EXCERPT HANDLING TO CLEAN OR FULL (go to your Wordpress Dashboard\/Settings\/Cincopa Options ... *\/\r\n\/\/ cp_load_widget(\"AcHAdIudDCru\", \"cp_widget_AcHAdIudDCru\");\r\n<\/script>\r\n\n","protected":false},"excerpt":{"rendered":"","protected":false},"author":2,"featured_media":0,"parent":0,"menu_order":0,"comment_status":"closed","ping_status":"closed","template":"page-FullWidth.php","meta":[],"_links":{"self":[{"href":"http:\/\/www.dadrbuzau.ro\/index.php?rest_route=\/wp\/v2\/pages\/6254"}],"collection":[{"href":"http:\/\/www.dadrbuzau.ro\/index.php?rest_route=\/wp\/v2\/pages"}],"about":[{"href":"http:\/\/www.dadrbuzau.ro\/index.php?rest_route=\/wp\/v2\/types\/page"}],"author":[{"embeddable":true,"href":"http:\/\/www.dadrbuzau.ro\/index.php?rest_route=\/wp\/v2\/users\/2"}],"replies":[{"embeddable":true,"href":"http:\/\/www.dadrbuzau.ro\/index.php?rest_route=%2Fwp%2Fv2%2Fcomments&post=6254"}],"version-history":[{"count":3,"href":"http:\/\/www.dadrbuzau.ro\/index.php?rest_route=\/wp\/v2\/pages\/6254\/revisions"}],"predecessor-version":[{"id":6259,"href":"http:\/\/www.dadrbuzau.ro\/index.php?rest_route=\/wp\/v2\/pages\/6254\/revisions\/6259"}],"wp:attachment":[{"href":"http:\/\/www.dadrbuzau.ro\/index.php?rest_route=%2Fwp%2Fv2%2Fmedia&parent=6254"}],"curies":[{"name":"wp","href":"https:\/\/api.w.org\/{rel}","templated":true}]}}